{"id":4805,"date":"2023-12-09T17:39:33","date_gmt":"2023-12-09T17:39:33","guid":{"rendered":"https:\/\/server664076.nazwa.pl\/jia\/?page_id=4805"},"modified":"2024-12-29T11:07:12","modified_gmt":"2024-12-29T11:07:12","slug":"kadra","status":"publish","type":"page","link":"https:\/\/www.jacek-agatka.pl\/uk\/kadra\/","title":{"rendered":"\u041d\u0430\u0448 \u043f\u0435\u0440\u0441\u043e\u043d\u0430\u043b"},"content":{"rendered":"<div data-elementor-type=\"wp-page\" data-elementor-id=\"4805\" class=\"elementor elementor-4805\">\n\t\t\t\t        <section class=\"elementor-section elementor-top-section elementor-element elementor-element-4aad5d93 elementor-section-boxed elementor-section-height-default elementor-section-height-default\" data-id=\"4aad5d93\" data-element_type=\"section\">\n\t\t\n\t\t        <div class=\"elementor-container elementor-column-gap-default\" >\n\t\t        <div class=\"elementor-column elementor-col-100 elementor-top-column elementor-element elementor-element-670d6031\" data-id=\"670d6031\" data-element_type=\"column\">\n            <div class=\"elementor-widget-wrap elementor-element-populated\">\n                \t\t<div class=\"elementor-element elementor-element-5d003bea elementor-widget elementor-widget-cms_image_single\" data-id=\"5d003bea\" data-element_type=\"widget\" data-widget_type=\"cms_image_single.default\">\n\t\t\t\t<div class=\"elementor-widget-container\">\n\t\t\t\t\t<div class=\"cms-image-single animation-none wow flash\">\n            <div class=\"cms-img-box\">\n                            <img fetchpriority=\"high\" decoding=\"async\" width=\"512\" height=\"512\" src=\"https:\/\/www.jacek-agatka.pl\/wp-content\/uploads\/2020\/08\/kindergarten.png\" class=\"attachment-full size-full wp-image-1687\" alt=\"Kindori\" srcset=\"https:\/\/www.jacek-agatka.pl\/wp-content\/uploads\/2020\/08\/kindergarten.png 512w, https:\/\/www.jacek-agatka.pl\/wp-content\/uploads\/2020\/08\/kindergarten-500x500.png 500w, https:\/\/www.jacek-agatka.pl\/wp-content\/uploads\/2020\/08\/kindergarten-300x300.png 300w, https:\/\/www.jacek-agatka.pl\/wp-content\/uploads\/2020\/08\/kindergarten-150x150.png 150w, https:\/\/www.jacek-agatka.pl\/wp-content\/uploads\/2020\/08\/kindergarten-160x160.png 160w, https:\/\/www.jacek-agatka.pl\/wp-content\/uploads\/2020\/08\/kindergarten-70x70.png 70w, https:\/\/www.jacek-agatka.pl\/wp-content\/uploads\/2020\/08\/kindergarten-460x460.png 460w\" sizes=\"(max-width: 512px) 100vw, 512px\" \/>                    <\/div>\n    <\/div>\t\t\t\t<\/div>\n\t\t\t\t<\/div>\n\t\t\t\t<div class=\"elementor-element elementor-element-125a9003 elementor-widget elementor-widget-cms_heading\" data-id=\"125a9003\" data-element_type=\"widget\" data-widget_type=\"cms_heading.default\">\n\t\t\t\t<div class=\"elementor-widget-container\">\n\t\t\t\t\t<div class=\"cms-heading-wrapper cms-heading-layout1\">\n    \n            <h3 class=\"custom-heading\">\n            <span                 >\n                \u041d\u0430\u0448 \u043f\u0435\u0440\u0441\u043e\u043d\u0430\u043b<\/span>\n        <\/h3>\n        \n            <div class=\"custom-heading-description\">\n            \u0414\u0438\u0442\u044f\u0447\u0438\u0439 \u0441\u0430\u0434\u043e\u043a \u043d\u0430\u0439\u043c\u0430\u0454 \u043f\u0435\u0434\u0430\u0433\u043e\u0433\u0456\u0447\u043d\u0438\u0439 \u043f\u0435\u0440\u0441\u043e\u043d\u0430\u043b, \u044f\u043a\u0438\u0439 \u043c\u0430\u0454 \u0432\u0456\u0434\u043f\u043e\u0432\u0456\u0434\u043d\u0443 \u043a\u0432\u0430\u043b\u0456\u0444\u0456\u043a\u0430\u0446\u0456\u044e \u0434\u043b\u044f \u043f\u0440\u043e\u0432\u0435\u0434\u0435\u043d\u043d\u044f \u0437\u0430\u043d\u044f\u0442\u044c \u0437 \u0434\u0456\u0442\u044c\u043c\u0438. \u041a\u0440\u0456\u043c \u0442\u043e\u0433\u043e, \u043a\u043e\u0436\u0435\u043d \u0447\u043b\u0435\u043d \u043f\u0435\u0440\u0441\u043e\u043d\u0430\u043b\u0443 \u0454 \u0435\u043c\u043f\u0430\u0442\u0438\u0447\u043d\u0438\u043c, \u0443\u0441\u043c\u0456\u0445\u043d\u0435\u043d\u0438\u043c \u0456 \u043f\u043e\u0432\u0430\u0436\u0430\u0454 \u0456\u043d\u0434\u0438\u0432\u0456\u0434\u0443\u0430\u043b\u044c\u043d\u0456\u0441\u0442\u044c \u0434\u0438\u0442\u0438\u043d\u0438.        <\/div>\n    <\/div>\t\t\t\t<\/div>\n\t\t\t\t<\/div>\n\t\t\t\t<div class=\"elementor-element elementor-element-efa3448 elementor-widget elementor-widget-cms_image_single\" data-id=\"efa3448\" data-element_type=\"widget\" data-widget_type=\"cms_image_single.default\">\n\t\t\t\t<div class=\"elementor-widget-container\">\n\t\t\t\t\t<div class=\"cms-image-single animation-none wow flash\">\n            <div class=\"cms-img-box\">\n                            <img decoding=\"async\" width=\"99\" height=\"23\" src=\"https:\/\/www.jacek-agatka.pl\/wp-content\/uploads\/2020\/08\/image-bee.png\" class=\"attachment-full size-full wp-image-849\" alt=\"Kindori\" \/>                    <\/div>\n    <\/div>\t\t\t\t<\/div>\n\t\t\t\t<\/div>\n\t\t\t\t<div class=\"elementor-element elementor-element-6f27ab7 elementor-widget elementor-widget-cms_list\" data-id=\"6f27ab7\" data-element_type=\"widget\" data-widget_type=\"cms_list.default\">\n\t\t\t\t<div class=\"elementor-widget-container\">\n\t\t\t\t\t    <ul class=\"cms-list style5\">\n                    <li class=\"\">\n\t\t\t\t<a >\n            \t\tAnna Kuczy\u0144ska - \u0432\u043b\u0430\u0441\u043d\u0438\u043a \u0434\u0438\u0442\u044f\u0447\u043e\u0433\u043e \u0441\u0430\u0434\u043a\u0430            \t<\/a>\n           <\/li>\n                    <li class=\"\">\n\t\t\t\t<a >\n            \t\tmgr Milena G\u00f3rska \u2013 dyrektor ds. pedagogicznych, nauczyciel \u2013 wychowawca            \t<\/a>\n           <\/li>\n                    <li class=\"\">\n\t\t\t\t<a >\n            \t\tmgr Alla Vasiunets \u2013 nauczyciel - wychowawca            \t<\/a>\n           <\/li>\n                    <li class=\"\">\n\t\t\t\t<a >\n            \t\tmgr Anna Padzik - \u043f\u0441\u0438\u0445\u043e\u043b\u043e\u0433            \t<\/a>\n           <\/li>\n                    <li class=\"\">\n\t\t\t\t<a >\n            \t\tmgr Monika Urba\u0144ska - \u043d\u0435\u0439\u0440\u043e\u043b\u043e\u0433\u043e\u043f\u0435\u0434            \t<\/a>\n           <\/li>\n                    <li class=\"\">\n\t\t\t\t<a >\n            \t\tmgr Tomasz Struzik - \u0432\u0438\u043a\u043b\u0430\u0434\u0430\u0447 \u0440\u0438\u0442\u043c\u0456\u043a\u0438            \t<\/a>\n           <\/li>\n                    <li class=\"\">\n\t\t\t\t<a >\n            \t\tDorota Zychalska - pomoc nauczyciela            \t<\/a>\n           <\/li>\n                    <li class=\"\">\n\t\t\t\t<a >\n            \t\tMarta Kajkowska - pedagog specjalny            \t<\/a>\n           <\/li>\n            <\/ul>\n\t\t\t\t<\/div>\n\t\t\t\t<\/div>\n\t\t            <\/div>\n        <\/div>\n        \t\t\t<\/div>\n\t\t<\/section>\n\t\t\t\t<\/div>","protected":false},"excerpt":{"rendered":"<p>Nasza kadra Przedszkole zatrudnia kadr\u0119 pedagogiczn\u0105, posiadaj\u0105c\u0105 odpowiednie kwalifikacje do prowadzenia zaj\u0119\u0107 z dzie\u0107mi. Poza tym ka\u017cda osoba z personelu jest empatyczna, u\u015bmiechni\u0119ta i szanuj\u0105ca podmiotowo\u015b\u0107 dziecka. Anna Kuczy\u0144ska &#8211; w\u0142a\u015bciciel przedszkola mgr Milena G\u00f3rska \u2013 dyrektor ds. pedagogicznych, nauczyciel \u2013 wychowawca mgr Alla Vasiunets \u2013 nauczyciel &#8211; wychowawca mgr Anna Padzik \u2013 psycholog mgr [&hellip;]<\/p>","protected":false},"author":1,"featured_media":0,"parent":0,"menu_order":0,"comment_status":"closed","ping_status":"closed","template":"","meta":{"footnotes":""},"class_list":["post-4805","page","type-page","status-publish","hentry"],"_links":{"self":[{"href":"https:\/\/www.jacek-agatka.pl\/uk\/wp-json\/wp\/v2\/pages\/4805","targetHints":{"allow":["GET"]}}],"collection":[{"href":"https:\/\/www.jacek-agatka.pl\/uk\/wp-json\/wp\/v2\/pages"}],"about":[{"href":"https:\/\/www.jacek-agatka.pl\/uk\/wp-json\/wp\/v2\/types\/page"}],"author":[{"embeddable":true,"href":"https:\/\/www.jacek-agatka.pl\/uk\/wp-json\/wp\/v2\/users\/1"}],"replies":[{"embeddable":true,"href":"https:\/\/www.jacek-agatka.pl\/uk\/wp-json\/wp\/v2\/comments?post=4805"}],"version-history":[{"count":43,"href":"https:\/\/www.jacek-agatka.pl\/uk\/wp-json\/wp\/v2\/pages\/4805\/revisions"}],"predecessor-version":[{"id":5222,"href":"https:\/\/www.jacek-agatka.pl\/uk\/wp-json\/wp\/v2\/pages\/4805\/revisions\/5222"}],"wp:attachment":[{"href":"https:\/\/www.jacek-agatka.pl\/uk\/wp-json\/wp\/v2\/media?parent=4805"}],"curies":[{"name":"wp","href":"https:\/\/api.w.org\/{rel}","templated":true}]}}